{"id":2420,"date":"2021-07-06T13:21:18","date_gmt":"2021-07-06T12:21:18","guid":{"rendered":"https:\/\/galeriedeparis.fr\/afcc\/?page_id=2420"},"modified":"2022-11-30T16:54:08","modified_gmt":"2022-11-30T15:54:08","slug":"2420-2","status":"publish","type":"page","link":"https:\/\/galeriedeparis.fr\/afcc\/?page_id=2420","title":{"rendered":"Grands rendez-vous artistiques de l&rsquo;\u00e9t\u00e9 2021 !"},"content":{"rendered":"<p style=\"text-align: right;\">Paris, le 6 juillet 2021<\/p>\n<p style=\"text-align: right;\"><strong>A l&rsquo;attention de [[data:civilit\u00e9:\u00a0\u00bb\u00a0\u00bb]] [[data:firstname:\u00a0\u00bb\u00a0\u00bb]] [[data:lastname:\u00a0\u00bb\u00a0\u00bb]]<br \/>\n<\/strong><strong><a href=\"https:\/\/frenchpleinairpainters.com\/wp-content\/uploads\/2021\/07\/Mon-film-21.mov\"><img loading=\"lazy\" class=\"size-medium wp-image-3897 alignleft\" src=\"https:\/\/frenchpleinairpainters.com\/wp-content\/uploads\/2021\/07\/video-present-Trade-300x289.png\" alt=\"\" width=\"300\" height=\"289\" \/>Mon film 21<\/a><\/strong><\/p>\n<p><strong>Chers Amis,<\/strong><\/p>\n<p><strong>Le 8 juillet 2021, de 16h \u00e0 19h,<\/strong> je vous invite \u00e0 la Repr\u00e9sentation Commerciale Russe, \u00e0 Paris, rue de la Faisanderie pour un \u00e9v\u00e9nement tr\u00e8s priv\u00e9 :<\/p>\n<p>La visite de l&rsquo;exposition <a href=\"https:\/\/galeriedeparis.fr\/afcc\/?p=2152\" target=\"_blank\" rel=\"noopener\">\u00a0\u00bb Art Graphique sans fronti\u00e8res\u00a0\u00bb<\/a>\u00a0 et d\u00e9monstration des pinceaux\u00a0 <a href=\"https:\/\/roubloff-france.fr\/Roubloff\/\" target=\"_blank\" rel=\"noopener\">Roubloff &#8211; France, pinceaux pour artiste d&rsquo;une qualit\u00e9 artisanale et pleines d&rsquo;innovation<\/a><\/p>\n<p><em>Acc\u00e8s <strong>uniquement\u00a0pour les personnes ayant confirm\u00e9es leur pr\u00e9sence,<\/strong> merci d&rsquo;envoyer votre demande, par retour de message &#8211; avec votre nom, pr\u00e9nom, fonction et t\u00e9l\u00e9phone- <strong>le nombre de place \u00e9tant limit\u00e9 et l&rsquo;entr\u00e9e s\u00e9curis\u00e9e.<\/strong><\/em><\/p>\n<p>Ne pas oubliez : l&rsquo;acc\u00e8s va se faire sur la liste et pr\u00e9sentation d&rsquo;une pi\u00e8ce d&rsquo;identit\u00e9 &#8211; Inscription obligatoire, merci de r\u00e9pondre \u00e0 ce mail <a href=\"mailto:jlm@onlineinternational.fr\" target=\"_blank\" rel=\"noopener\">jlm@onlineinternational.fr <\/a><strong><br \/>\n<\/strong><\/p>\n<p>Vous ne pouvez pas vous deplacer ? <strong>Suivez cette visite et\u00a0d\u00e9monstration\u00a0des pinceaux Roubloff sur Zoom<\/strong> &#8211; <a href=\"https:\/\/zoom.us\/j\/93527306492\" target=\"_blank\" rel=\"noopener\">https:\/\/zoom.us\/j\/93527306492<\/a><\/p>\n<hr \/>\n<hr \/>\n<p><img loading=\"lazy\" class=\"size-medium wp-image-3912 alignleft\" src=\"https:\/\/frenchpleinairpainters.com\/wp-content\/uploads\/2021\/07\/IMG_0459-AKAGI-Lavardens-2021-300x225.jpg\" alt=\"\" width=\"300\" height=\"225\" \/>Le <strong>9 juillet 2021 \u00e0 19h00<\/strong>, si vous \u00eates dans le Sud Ouest &#8211; pr\u00e8s de Auch, vous \u00eates invit\u00e9 (e) au vernissage de l&rsquo;exposition deuxi\u00e8me \u00e9dition <strong>\u00ab Fragments Du Japon, Entre Art Contemporain Et Traditions\u00bb,\u00a0<\/strong><\/p>\n<p>Vous retrouverez parmi une quinzaine d\u2019artistes japonais, <a href=\"https:\/\/www.facebook.com\/kojiro.akagi\" target=\"_blank\" rel=\"noopener\">Kojiro AKAGI<\/a> et ses grandes huiles au filet rouge qui caract\u00e9rise si bien son travail, mais aussi au filet blanc, et de nombreuses lithographies r\u00e9alis\u00e9es dans les ann\u00e9es 80\/90. Ses oeuvres sont disponibles \u00e0 la vente \u00e0 un prix \u00ab collector \u00bb.<\/p>\n<p>Exposition du <strong>1er juin au 26 septembre 2021<\/strong><\/p>\n<p><strong>Horaires d&rsquo;ouverture du ch\u00e2teau : <\/strong><br \/>\nJuin et Septembre &#8211; Mardi \u00e0 Dimanche (ferm\u00e9 le Lundi) : 10h &#8211; 12h30, 14h-18h<br \/>\net du 10 Juillet au 21 Ao\u00fbt, tous les jours 9h30 &#8211; 12h30, 14h-18h30<br \/>\nPour plus d\u2019information : <a href=\"https:\/\/chateaulavardens.fr\" target=\"_blank\" rel=\"noopener\">https:\/\/chateaulavardens.fr<\/a> <a href=\"https:\/\/www.facebook.com\/chateau.lavardens\/\" target=\"_blank\" rel=\"noopener\">https:\/\/www.facebook.com\/chateau.lavardens\/<\/a><\/p>\n<p>Suivez l&rsquo;actualit\u00e9 de Kojiro AKAGI et ses prochains rendez-vous sur : <a href=\"https:\/\/www.facebook.com\/kojiro.akagi\" target=\"_blank\" rel=\"noopener\">https:\/\/www.facebook.com\/kojiro.akagi<\/a><\/p>\n<hr \/>\n<hr \/>\n<p><strong><span style=\"color: #ff0000;\">Attention : correction d&rsquo;information<\/span> : avec <a href=\"http:\/\/frenchpleinairpainters.com\/\" target=\"_blank\" rel=\"noopener\">Frenchpleinairpainters.com<\/a> nous avons une sortie mensuelle des peintres de plein air, ce mois ci nous devrions nous rendre dans le village de Bourron-Marlotte en compagnie de <a href=\"https:\/\/frenchpleinairpainters.com\/index.php\/2020\/12\/10\/anne-isabelle-roubai-peintre\/\" target=\"_blank\" rel=\"noopener\">Anne-Isabelle Ruba\u00ef,<\/a><\/strong><\/p>\n<p><strong>Elle aura lieu le SAMEDI 10 JUILLET (et non le dimanche 11) si confirmation de trois personnes minimum avant le 8 juillet&#8230; par message \u00e0 <a href=\"mailto:anna@filimonova.fr\">Anna<\/a>.<\/strong><\/p>\n<hr \/>\n<hr \/>\n<p><img loading=\"lazy\" class=\"alignnone size-full wp-image-3870\" src=\"https:\/\/frenchpleinairpainters.com\/wp-content\/uploads\/2021\/06\/Magne-bandeau2021.jpg\" alt=\"\" width=\"1017\" height=\"258\" \/><\/p>\n<p>Ensuite <strong>les 23, 24 et 25 juillet 2021<\/strong> viendra le c\u00e9l\u00e8bre <a href=\"https:\/\/www.festivalpeinturemagne.com\/\" target=\"_blank\" rel=\"noopener\"><strong>Concours de peinture de Magn\u00e9<\/strong> <\/a> qui est notre partenaire et dont on diffuse l&rsquo;appel aux inscriptions pour sa <strong>33e \u00e9dition.<\/strong> J&rsquo;en profite pour saluer leur long\u00e9vit\u00e9 et son ampleur&#8230; <strong>triple bravo ! <\/strong><strong><br \/>\n<\/strong><\/p>\n<hr \/>\n<hr \/>\n<p><strong>Rappel des \u00e9v\u00e9nements du mois d&rsquo;ao\u00fbt :<\/strong><\/p>\n<p>Entre le <strong>25 et le 29 ao\u00fbt 2021,<\/strong> arrivera notre plus grand \u00e9v\u00e9nement annuel le <a href=\"https:\/\/frenchpleinairpainters.com\/index.php\/202https:\/\/frenchpleinairpainters.com\/index.php\/2021\/05\/01\/5-eme-festival-international-de-peinture-sur-grand-format-en-plein-air\/\" target=\"_blank\" rel=\"noopener\"><strong> Festival International de peinture en plein air sur grand format dont l&rsquo;annonce a d\u00e9j\u00e0 \u00e9t\u00e9 publi\u00e9e mais vous y trouverez des d\u00e9tails compl\u00e9mentaires<\/strong><\/a>.<\/p>\n<p><strong>C&rsquo;est l&rsquo;ouverture des inscriptions<\/strong> ne manquez pas d&rsquo;\u00eatre parmi les premiers, <strong>les places sont limit\u00e9s !!!<\/strong><\/p>\n<p><strong>Les inscriptions se font uniquement sur cette <a href=\"https:\/\/www.helloasso.com\/associations\/festival-cultures-croisees\/evenements\/international-plein-air-painting-festival-painting-in-paris-2?_ga=2.136456823.632980587.1624623017-215228694.1551023806\" target=\"_blank\" rel=\"noopener\">page\/ d&rsquo;inscription au Festival 2021<\/a><\/strong><\/p>\n<p><strong><img loading=\"lazy\" class=\"size-medium wp-image-3850 alignleft\" src=\"https:\/\/frenchpleinairpainters.com\/wp-content\/uploads\/2021\/06\/Affiche-2021-Festival-peinture-BD-2021-06-25-212x300.jpg\" alt=\"\" width=\"212\" height=\"300\" \/><\/strong><\/p>\n<p>&nbsp;<\/p>\n<p><img loading=\"lazy\" class=\"size-medium wp-image-3851 alignleft\" src=\"https:\/\/frenchpleinairpainters.com\/wp-content\/uploads\/2021\/06\/Flyer-2021-Festival-Peinturepage-1--211x300.jpg\" alt=\"\" width=\"211\" height=\"300\" \/> <img loading=\"lazy\" class=\"size-medium wp-image-3852 alignleft\" src=\"https:\/\/frenchpleinairpainters.com\/wp-content\/uploads\/2021\/06\/Flyer-2021-Festival-Peintur-page-2-e-211x300.jpg\" alt=\"\" width=\"211\" height=\"300\" \/><\/p>\n<p>&nbsp;<\/p>\n<p>&nbsp;<\/p>\n<p>&nbsp;<\/p>\n<p>&nbsp;<\/p>\n<p>&nbsp;<\/p>\n<p>&nbsp;<\/p>\n<p>&nbsp;<\/p>\n<p>&nbsp;<\/p>\n<p>&nbsp;<\/p>\n<hr \/>\n<hr \/>\n<p><strong>Septembre<\/strong> sera marqu\u00e9 par plusieurs opportunit\u00e9s de stages pour les artistes :<\/p>\n<ul>\n<li>Stage <a href=\"https:\/\/www.helloasso.com\/associations\/festival-cultures-croisees\/evenements\/stage-avec-antonin-passemard-aux-andelys-du-20-au-24-septembre-2021-2-2\" target=\"_blank\" rel=\"noopener\">avec Antonin Passemard Aux Andelys dans la d\u00e9j\u00e0 c\u00e9l\u00e8bre maison la Berverie.<\/a><\/li>\n<li>autres stages \u00e0 d\u00e9couvrir dans la rubrique <a href=\"https:\/\/frenchpleinairpainters.com\/index.php\/category\/stages\/\" target=\"_blank\" rel=\"noopener\">\u00ab\u00a0stages\u00a0\u00bb<\/a> de la plateforme <a href=\"http:\/\/frenchpleinairpainters.com\/\" target=\"_blank\" rel=\"noopener\">Frenchpleinairpainters.com<\/a><\/li>\n<\/ul>\n<p>mais aussi avec les sorties et s\u00e9jours de la plateforme sur <a href=\"https:\/\/frenchpleinairpainters.com\" target=\"_blank\" rel=\"noopener\">https:\/\/frenchpleinairpainters.com<\/a><\/p>\n<hr \/>\n<hr \/>\n<p>En esp\u00e9rant vos r\u00e9ponses, r\u00e9actions, partages, je vous souhaite unbel \u00e9t\u00e9 !<\/p>\n<p style=\"text-align: right;\"><strong><a href=\"mailto:anna@filimonova.fr\">Anna Filimonova<\/a> et toute l&rsquo;\u00e9quipe du Festival Cultures Crois\u00e9es.<\/strong><\/p>\n<hr \/>\n<hr \/>\n<p>Pour visualiser ce message dans votre navigateur :\u00a0<a href=\"https:\/\/galeriedeparis.fr\/afcc\/?page_id=2420\" target=\"_blank\" rel=\"noopener\">https:\/\/galeriedeparis.fr\/afcc\/?page_id=2420<\/a><\/p>\n<p>Si vous souhaitez vous d\u00e9sabonner [[UNSUB_LINK_FR]] et\/ou changer votre adresse d&rsquo;abonnement envoyez un message sur <a href=\"mailto:anna@filimonova.com\" target=\"_blank\" rel=\"noopener\">anna@filimonova.com<\/a><\/p>\n<p>&nbsp;<\/p>\n<p>&nbsp;<\/p>\n<p>&nbsp;<\/p>\n<p>&nbsp;<\/p>\n","protected":false},"excerpt":{"rendered":"<p>Paris, le 6 juillet 2021 A l&rsquo;attention de [[data:civilit\u00e9:\u00a0\u00bb\u00a0\u00bb]] [[data:firstname:\u00a0\u00bb\u00a0\u00bb]] [[data:lastname:\u00a0\u00bb\u00a0\u00bb]] Mon film 21 Chers Amis, Le 8 juillet 2021, de 16h \u00e0 19h, je vous invite \u00e0 la Repr\u00e9sentation Commerciale Russe, \u00e0 Paris, rue de la Faisanderie pour un &hellip; <a href=\"https:\/\/galeriedeparis.fr\/afcc\/?page_id=2420\">Continuer la lecture <span class=\"meta-nav\">&rarr;<\/span><\/a><\/p>\n","protected":false},"author":1,"featured_media":0,"parent":0,"menu_order":0,"comment_status":"closed","ping_status":"closed","template":"onecolumn-page.php","meta":[],"_links":{"self":[{"href":"https:\/\/galeriedeparis.fr\/afcc\/index.php?rest_route=\/wp\/v2\/pages\/2420"}],"collection":[{"href":"https:\/\/galeriedeparis.fr\/afcc\/index.php?rest_route=\/wp\/v2\/pages"}],"about":[{"href":"https:\/\/galeriedeparis.fr\/afcc\/index.php?rest_route=\/wp\/v2\/types\/page"}],"author":[{"embeddable":true,"href":"https:\/\/galeriedeparis.fr\/afcc\/index.php?rest_route=\/wp\/v2\/users\/1"}],"replies":[{"embeddable":true,"href":"https:\/\/galeriedeparis.fr\/afcc\/index.php?rest_route=%2Fwp%2Fv2%2Fcomments&post=2420"}],"version-history":[{"count":9,"href":"https:\/\/galeriedeparis.fr\/afcc\/index.php?rest_route=\/wp\/v2\/pages\/2420\/revisions"}],"predecessor-version":[{"id":2813,"href":"https:\/\/galeriedeparis.fr\/afcc\/index.php?rest_route=\/wp\/v2\/pages\/2420\/revisions\/2813"}],"wp:attachment":[{"href":"https:\/\/galeriedeparis.fr\/afcc\/index.php?rest_route=%2Fwp%2Fv2%2Fmedia&parent=2420"}],"curies":[{"name":"wp","href":"https:\/\/api.w.org\/{rel}","templated":true}]}}